{"id":3461,"date":"2026-03-07T17:49:13","date_gmt":"2026-03-07T16:49:13","guid":{"rendered":"https:\/\/www.carolinedeletoille.com\/?page_id=3461"},"modified":"2026-03-11T14:07:21","modified_gmt":"2026-03-11T13:07:21","slug":"actus-presse","status":"publish","type":"page","link":"https:\/\/www.carolinedeletoille.com\/index.php\/actus-presse\/","title":{"rendered":"ACTUS-PRESSE"},"content":{"rendered":"<p>[et_pb_section fb_built=\u00a0\u00bb1&Prime; _builder_version=\u00a0\u00bb4.27.6&Prime; _module_preset=\u00a0\u00bbdefault\u00a0\u00bb min_height=\u00a0\u00bb1371px\u00a0\u00bb custom_margin=\u00a0\u00bb0px||||false|false\u00a0\u00bb custom_padding=\u00a0\u00bb0px||||false|false\u00a0\u00bb global_colors_info=\u00a0\u00bb{}\u00a0\u00bb][et_pb_row use_custom_gutter=\u00a0\u00bbon\u00a0\u00bb gutter_width=\u00a0\u00bb2&Prime; _builder_version=\u00a0\u00bb4.27.6&Prime; _module_preset=\u00a0\u00bbdefault\u00a0\u00bb width=\u00a0\u00bb100%\u00a0\u00bb max_width=\u00a0\u00bb1472px\u00a0\u00bb custom_padding=\u00a0\u00bb10px||||false|false\u00a0\u00bb locked=\u00a0\u00bboff\u00a0\u00bb global_colors_info=\u00a0\u00bb{}\u00a0\u00bb][et_pb_column type=\u00a0\u00bb4_4&Prime; _builder_version=\u00a0\u00bb4.20.4&Prime; _module_preset=\u00a0\u00bbdefault\u00a0\u00bb global_colors_info=\u00a0\u00bb{}\u00a0\u00bb][et_pb_text _builder_version=\u00a0\u00bb4.27.6&Prime; _module_preset=\u00a0\u00bbdefault\u00a0\u00bb text_font_size=\u00a0\u00bb14px\u00a0\u00bb hover_enabled=\u00a0\u00bb0&Prime; global_colors_info=\u00a0\u00bb{}\u00a0\u00bb custom_margin=\u00a0\u00bb30px||||false|false\u00a0\u00bb sticky_enabled=\u00a0\u00bb0&Prime;]<\/p>\n<p><strong><\/strong><\/p>\n<h1 style=\"text-align: center;\"><strong>PRESSE<\/strong><\/h1>\n<p>[\/et_pb_text][\/et_pb_column][\/et_pb_row][et_pb_row use_custom_gutter=\u00a0\u00bbon\u00a0\u00bb gutter_width=\u00a0\u00bb2&Prime; custom_padding_last_edited=\u00a0\u00bbon|phone\u00a0\u00bb _builder_version=\u00a0\u00bb4.27.6&Prime; _module_preset=\u00a0\u00bbdefault\u00a0\u00bb width=\u00a0\u00bb100%\u00a0\u00bb max_width=\u00a0\u00bb1200px\u00a0\u00bb max_width_tablet=\u00a0\u00bb950px\u00a0\u00bb max_width_phone=\u00a0\u00bb800px\u00a0\u00bb max_width_last_edited=\u00a0\u00bbon|phone\u00a0\u00bb custom_margin_phone=\u00a0\u00bb||||false|false\u00a0\u00bb custom_margin_last_edited=\u00a0\u00bboff|phone\u00a0\u00bb custom_padding=\u00a0\u00bb0px|60px||60px|false|true\u00a0\u00bb custom_padding_tablet=\u00a0\u00bb0px|30px||30px|false|true\u00a0\u00bb custom_padding_phone=\u00a0\u00bb|30px|0px|30px|false|true\u00a0\u00bb locked=\u00a0\u00bboff\u00a0\u00bb global_colors_info=\u00a0\u00bb{}\u00a0\u00bb][et_pb_column type=\u00a0\u00bb4_4&Prime; _builder_version=\u00a0\u00bb4.20.4&Prime; _module_preset=\u00a0\u00bbdefault\u00a0\u00bb global_colors_info=\u00a0\u00bb{}\u00a0\u00bb][et_pb_text _builder_version=\u00a0\u00bb4.27.6&Prime; _module_preset=\u00a0\u00bbdefault\u00a0\u00bb text_font=\u00a0\u00bb|||on|||||\u00a0\u00bb text_font_size=\u00a0\u00bb14px\u00a0\u00bb text_line_height=\u00a0\u00bb2.4em\u00a0\u00bb module_alignment=\u00a0\u00bbcenter\u00a0\u00bb custom_margin=\u00a0\u00bb10px||||false|false\u00a0\u00bb custom_padding=\u00a0\u00bb|0px||||\u00a0\u00bb locked=\u00a0\u00bboff\u00a0\u00bb global_colors_info=\u00a0\u00bb{}\u00a0\u00bb]<\/p>\n<p><strong><\/strong><\/p>\n<p><strong>HYPOTHESES, CARNET DU coll\u00e8ge de france (14\/11\/2025)\u00a0 <\/strong><span style=\"text-decoration: underline;\"><a href=\"https:\/\/archibibscdf.hypotheses.org\/19286\">\u00ab Atelier quantique : \u00e9tapes de la cr\u00e9ation d\u2019une exposition \u00bb<\/a><\/span><\/p>\n<p><strong>La Science au Labo, France Culture (10\/11\/2025)\u00a0 \u00a0<\/strong><span style=\"text-decoration: underline;\"><a href=\"https:\/\/www.radiofrance.fr\/franceculture\/podcasts\/la-science-au-labo\/comment-l-art-et-la-philosophie-saisissent-la-realite-quantique-2955191\">\u00ab Comment art et philosophie font \u00e9prouver les \u00e9tranget\u00e9s quantiques \u00bb<\/a><\/span><\/p>\n<p><strong>Science et Avenir (10\/10\/2025) \u00a0 <\/strong><span style=\"text-decoration: underline;\"><a href=\"https:\/\/www.sciencesetavenir.fr\/decouvrir\/expositions\/l-atelier-quantique-au-college-de-france-l-art-fait-rayonner-l-infiniment-petit_188725\">\u00ab L&rsquo;Atelier quantique : au Coll\u00e8ge de France, l\u2019art fait rayonner l&rsquo;infiniment petit \u00bb<\/a><\/span><\/p>\n<p><strong>FISHEYE IMMERSIVE (09\/10\/2025)\u00a0 <\/strong><span style=\"text-decoration: underline;\"><a href=\"https:\/\/fisheyeimmersive.com\/article\/biennale-nemo-3-oeuvres-inedites-a-decouvrir\/\">\u00ab BIENNALE NEMO : TROIS OEUVRES INEDITES A DECOUVRIR \u00bb<\/a><\/span><\/p>\n<p><strong>Madame Le Figaro (19\/09\/2025)\u00a0 <a href=\"https:\/\/www.carolinedeletoille.com\/wp-content\/uploads\/2026\/03\/2509_MADAME-LE-FIGARO_Caroline-DELETOILLE.pdf\">\u00a0<\/a><\/strong><a href=\"https:\/\/www.carolinedeletoille.com\/wp-content\/uploads\/2026\/03\/2509_MADAME-LE-FIGARO_Caroline-DELETOILLE.pdf\"><span style=\"text-decoration: underline;\">\u00ab Comprendre enfin la physique quantique \u00bb<\/span><\/a><\/p>\n<p><strong>Les Inrocks, FR (17\/07\/2025)<\/strong>\u00a0 \u00a0<span style=\"text-decoration: underline;\"><a href=\"https:\/\/www.lesinrocks.com\/arts-et-scenes\/sensation-quantique-ou-comment-lart-peut-rendre-la-science-comprehensible-676937-17-07-2025\/\">\u00ab Sensation Quantique ou comment l\u2019art peut rendre la science compr\u00e9hensible ? \u00bb<\/a><\/span><\/p>\n<p><strong>Les \u00e9chos (17\/07\/2025) <\/strong><span style=\"text-decoration: underline;\"><a href=\"https:\/\/www.lesechos.fr\/weekend\/spectacles-musique\/nos-idees-de-sorties-culture-loisirs-et-plaisirs-pour-le-week-end-2176809\">\u00ab Nos id\u00e9es de sorties culture, loisirs et plaisirs pour le week-end \u00bb<\/a><\/span><\/p>\n<p><strong>Le Monde (14\/06\/2025)\u00a0<\/strong> \u00a0<span style=\"text-decoration: underline;\"><a href=\"https:\/\/www.lemonde.fr\/sciences\/article\/2025\/06\/13\/cinq-expositions-scientifiques-a-ne-pas-manquer-les-maitres-du-feu-mediterranee-2050-chiens-et-chats_6612647_1650684.html\">\u00ab\u00a0Cinq expositions \u00e0 ne pas manquer \u00bb<\/a><\/span>,<\/p>\n<p><strong>Sorbonne Universit\u00e9, Science, Culture et Soci\u00e9t\u00e9 (10\/06\/2025)\u00a0 \u00a0<\/strong><span style=\"text-decoration: underline;\"><a href=\"https:\/\/www.sorbonne-universite.fr\/actualites\/sensation-quantique-une-traversee-artistique-et-scientifique-de-linvisible\">\u00ab Sensation Quantique : une travers\u00e9e artistique de l\u2019invisible \u00bb<\/a><\/span><\/p>\n<p><strong>Beaux-Arts Magazine (09\/05\/2025)\u00a0<\/strong> \u00a0<span style=\"text-decoration: underline;\"><a href=\"https:\/\/www.beauxarts.com\/expos\/la-physique-quantique-et-lart-ont-des-atomes-crochus-a-la-maison-poincare-a-paris\/\">\u00ab La physique quantique et l\u2019art ont des atomes crochus \u00e0 la Maison Poincar\u00e9 \u00e0 Paris \u00bb<\/a><\/span><\/p>\n<p><strong>La Science au Labo, France Culture (24\/04\/2025)\u00a0<\/strong> \u00a0<span style=\"text-decoration: underline;\"><a href=\"https:\/\/www.radiofrance.fr\/franceculture\/podcasts\/la-science-au-labo\/comment-l-hypothese-des-mondes-multiples-se-traduit-dans-la-realite-quantique-6291840\">\u00abComment l&rsquo;hypoth\u00e8se des mondes multiples se traduit dans la r\u00e9alit\u00e9 quantique ? \u00bb<\/a><\/span><\/p>\n<p><strong>Telerama (18\/04\/2025)\u00a0 <\/strong><a href=\"https:\/\/www.carolinedeletoille.com\/wp-content\/uploads\/2026\/03\/2504_TELERAMA_Caroline-DELETOILLE.pdf\">\u00a0<span style=\"text-decoration: underline;\">\u00ab EXPOSITIONS DE LA SEMAINE \u00bb (TELERAMA SORTIR)<\/span><\/a><\/p>\n<p><strong>Science &amp; Avenir (11\/04\/2025)\u00a0<\/strong> \u00a0<a href=\"https:\/\/www.sciencesetavenir.fr\/decouvrir\/expositions\/sensation-quantique-une-expo-immersive-pour-ressentir-la-mecanique-quantique-a-la-maison-poincare-musee-des-mathematiques_185219\"><span style=\"text-decoration: underline;\">\u00ab Sensation quantique : une exposition immersive pour ressentir la m\u00e9canique quantique \u00bb<\/span><\/a><\/p>\n<p><strong>CBC-Radio Canada (16\/10\/2024)\u00a0 \u00a0<\/strong><a href=\"https:\/\/ici.radio-canada.ca\/ohdio\/premiere\/emissions\/phare-ouest\/segments\/rattrapage\/1879182\/entrevue-avec-caroline-deletoille-discussion-a-galerie-art-morris\"><span style=\"text-decoration: underline;\">\u00ab Entrevue avec Caroline Del\u00e9toille : discussion \u00e0 la galerie d&rsquo;art Morris \u00bb<\/span><\/a><\/p>\n<p><strong>ENS-PSL newsletter (11\/06\/2024)\u00a0 <a href=\"https:\/\/www.ens.psl.eu\/actualites\/une-residence-artistique-l-ens-psl-entre-art-et-sciences\"><span style=\"text-decoration: underline;\">\u00a0<\/span><\/a><\/strong><a href=\"https:\/\/www.ens.psl.eu\/actualites\/une-residence-artistique-l-ens-psl-entre-art-et-sciences\"><span style=\"text-decoration: underline;\">\u00ab Une r\u00e9sidence artistique \u00e0 l&rsquo;ENS-PSL : entre art et science \u00bb<\/span><\/a><\/p>\n<p><strong>Newsletter YourArt (25\/09\/2023)\u00a0<\/strong> \u00a0\u00ab Artisanat contemporain et archive des ann\u00e9es 60 \u00bb, curation de la semaine<\/p>\n<p><strong>Radio France Bleu Cotentin (29\/06\/2023)\u00a0 \u00a0<\/strong><span style=\"text-decoration: underline;\"><a href=\"https:\/\/www.radiofrance.fr\/francebleu\/podcasts\/ca-se-passe-dans-la-manche-18h10-5269551?p=5\">\u00ab \u00e7a se passe dans la Manche : interview de Caroline Del\u00e9toille \u00bb<\/a><\/span><\/p>\n<p><strong>La Manche Libre (19\/06\/2023)\u00a0 \u00a0<\/strong>\u00ab Caroline Del\u00e9toille, une peinture sur le souvenir \u00bb<\/p>\n<p><strong>Podcast L\u2019Essence (10\/10\/2022)\u00a0 \u00a0<\/strong><span style=\"text-decoration: underline;\"><a href=\"https:\/\/open.spotify.com\/episode\/0VZIfPRy99uDKv9pga2UVv?si=ac2d89107d57449e\">\u00ab Rentrer dans le r\u00eave par la peinture avec Caroline Del\u00e9toille \u00bb<\/a><\/span><\/p>\n<p><strong>Presse de la Manche (26\/08\/2022)\u00a0<\/strong> \u00a0\u00ab Exposition Po\u00efesis \u00e0 la galerie Festina Lente : 25 plasticiens exposent \u00bb<\/p>\n<p><strong>Revista de las Artes, ES (sept. 2021)\u00a0<\/strong> \u00a0\u00ab Color y vitalidad en las pinturas de Caroline Del\u00e9toille \u00bb,<\/p>\n<p style=\"text-align: center;\">[\/et_pb_text][\/et_pb_column][\/et_pb_row][\/et_pb_section]<\/p>\n","protected":false},"excerpt":{"rendered":"<p>PRESSE HYPOTHESES, CARNET DU coll\u00e8ge de france (14\/11\/2025)\u00a0 \u00ab Atelier quantique : \u00e9tapes de la cr\u00e9ation d\u2019une exposition \u00bb La Science au Labo, France Culture (10\/11\/2025)\u00a0 \u00a0\u00ab Comment art et philosophie font \u00e9prouver les \u00e9tranget\u00e9s quantiques \u00bb Science et Avenir (10\/10\/2025) \u00a0 \u00ab L&rsquo;Atelier quantique : au Coll\u00e8ge de France, l\u2019art fait rayonner l&rsquo;infiniment petit [&hellip;]<\/p>\n","protected":false},"author":1,"featured_media":0,"parent":0,"menu_order":0,"comment_status":"closed","ping_status":"closed","template":"","meta":{"_et_pb_use_builder":"on","_et_pb_old_content":"","_et_gb_content_width":"","footnotes":""},"class_list":["post-3461","page","type-page","status-publish","hentry"],"_links":{"self":[{"href":"https:\/\/www.carolinedeletoille.com\/index.php\/wp-json\/wp\/v2\/pages\/3461","targetHints":{"allow":["GET"]}}],"collection":[{"href":"https:\/\/www.carolinedeletoille.com\/index.php\/wp-json\/wp\/v2\/pages"}],"about":[{"href":"https:\/\/www.carolinedeletoille.com\/index.php\/wp-json\/wp\/v2\/types\/page"}],"author":[{"embeddable":true,"href":"https:\/\/www.carolinedeletoille.com\/index.php\/wp-json\/wp\/v2\/users\/1"}],"replies":[{"embeddable":true,"href":"https:\/\/www.carolinedeletoille.com\/index.php\/wp-json\/wp\/v2\/comments?post=3461"}],"version-history":[{"count":13,"href":"https:\/\/www.carolinedeletoille.com\/index.php\/wp-json\/wp\/v2\/pages\/3461\/revisions"}],"predecessor-version":[{"id":3937,"href":"https:\/\/www.carolinedeletoille.com\/index.php\/wp-json\/wp\/v2\/pages\/3461\/revisions\/3937"}],"wp:attachment":[{"href":"https:\/\/www.carolinedeletoille.com\/index.php\/wp-json\/wp\/v2\/media?parent=3461"}],"curies":[{"name":"wp","href":"https:\/\/api.w.org\/{rel}","templated":true}]}}