{"id":3925,"date":"2026-03-11T13:58:11","date_gmt":"2026-03-11T12:58:11","guid":{"rendered":"https:\/\/www.carolinedeletoille.com\/?page_id=3925"},"modified":"2026-03-11T14:06:59","modified_gmt":"2026-03-11T13:06:59","slug":"press","status":"publish","type":"page","link":"https:\/\/www.carolinedeletoille.com\/index.php\/en\/press\/","title":{"rendered":"PRESS"},"content":{"rendered":"<p>[et_pb_section fb_built=\u00a0\u00bb1&Prime; _builder_version=\u00a0\u00bb4.27.6&Prime; _module_preset=\u00a0\u00bbdefault\u00a0\u00bb min_height=\u00a0\u00bb1371px\u00a0\u00bb custom_margin=\u00a0\u00bb0px||||false|false\u00a0\u00bb custom_padding=\u00a0\u00bb0px||||false|false\u00a0\u00bb global_colors_info=\u00a0\u00bb{}\u00a0\u00bb][et_pb_row use_custom_gutter=\u00a0\u00bbon\u00a0\u00bb gutter_width=\u00a0\u00bb2&Prime; _builder_version=\u00a0\u00bb4.27.6&Prime; _module_preset=\u00a0\u00bbdefault\u00a0\u00bb width=\u00a0\u00bb100%\u00a0\u00bb max_width=\u00a0\u00bb1472px\u00a0\u00bb custom_padding=\u00a0\u00bb10px||||false|false\u00a0\u00bb locked=\u00a0\u00bboff\u00a0\u00bb global_colors_info=\u00a0\u00bb{}\u00a0\u00bb][et_pb_column type=\u00a0\u00bb4_4&Prime; _builder_version=\u00a0\u00bb4.20.4&Prime; _module_preset=\u00a0\u00bbdefault\u00a0\u00bb global_colors_info=\u00a0\u00bb{}\u00a0\u00bb][et_pb_text _builder_version=\u00a0\u00bb4.27.6&Prime; _module_preset=\u00a0\u00bbdefault\u00a0\u00bb text_font_size=\u00a0\u00bb14px\u00a0\u00bb hover_enabled=\u00a0\u00bb0&Prime; global_colors_info=\u00a0\u00bb{}\u00a0\u00bb custom_margin=\u00a0\u00bb30px||||false|false\u00a0\u00bb sticky_enabled=\u00a0\u00bb0&Prime;]<\/p>\n<p><strong><\/strong><\/p>\n<h1 style=\"text-align: center;\"><strong>PRESS<\/strong><\/h1>\n<p>[\/et_pb_text][\/et_pb_column][\/et_pb_row][et_pb_row use_custom_gutter=\u00a0\u00bbon\u00a0\u00bb gutter_width=\u00a0\u00bb2&Prime; custom_padding_last_edited=\u00a0\u00bbon|phone\u00a0\u00bb _builder_version=\u00a0\u00bb4.27.6&Prime; _module_preset=\u00a0\u00bbdefault\u00a0\u00bb width=\u00a0\u00bb100%\u00a0\u00bb max_width=\u00a0\u00bb1200px\u00a0\u00bb max_width_tablet=\u00a0\u00bb950px\u00a0\u00bb max_width_phone=\u00a0\u00bb800px\u00a0\u00bb max_width_last_edited=\u00a0\u00bbon|phone\u00a0\u00bb custom_margin_phone=\u00a0\u00bb||||false|false\u00a0\u00bb custom_margin_last_edited=\u00a0\u00bboff|phone\u00a0\u00bb custom_padding=\u00a0\u00bb0px|60px||60px|false|true\u00a0\u00bb custom_padding_tablet=\u00a0\u00bb0px|30px||30px|false|true\u00a0\u00bb custom_padding_phone=\u00a0\u00bb|30px|0px|30px|false|true\u00a0\u00bb locked=\u00a0\u00bboff\u00a0\u00bb global_colors_info=\u00a0\u00bb{}\u00a0\u00bb][et_pb_column type=\u00a0\u00bb4_4&Prime; _builder_version=\u00a0\u00bb4.20.4&Prime; _module_preset=\u00a0\u00bbdefault\u00a0\u00bb global_colors_info=\u00a0\u00bb{}\u00a0\u00bb][et_pb_text _builder_version=\u00a0\u00bb4.27.6&Prime; _module_preset=\u00a0\u00bbdefault\u00a0\u00bb text_font=\u00a0\u00bb|||on|||||\u00a0\u00bb text_font_size=\u00a0\u00bb14px\u00a0\u00bb text_line_height=\u00a0\u00bb2.4em\u00a0\u00bb module_alignment=\u00a0\u00bbcenter\u00a0\u00bb custom_margin=\u00a0\u00bb10px||||false|false\u00a0\u00bb custom_padding=\u00a0\u00bb|0px||||\u00a0\u00bb locked=\u00a0\u00bboff\u00a0\u00bb global_colors_info=\u00a0\u00bb{}\u00a0\u00bb]<\/p>\n<p><strong><\/strong><\/p>\n<p><strong>HYPOTHESES, CARNET DU coll\u00e8ge de france (14\/11\/2025)\u00a0 <\/strong><span style=\"text-decoration: underline;\"><a href=\"https:\/\/archibibscdf.hypotheses.org\/19286\">\u00ab Quantum studio : crafting of an exhibition \u00bb<\/a><\/span><\/p>\n<p><strong>La Science au Labo, France Culture, FR (10\/11\/2025)\u00a0 \u00a0<\/strong><span style=\"text-decoration: underline;\"><a href=\"https:\/\/www.radiofrance.fr\/franceculture\/podcasts\/la-science-au-labo\/comment-l-art-et-la-philosophie-saisissent-la-realite-quantique-2955191\">\u00ab How art and philosophy bring a sense of the invisible \u00bb<\/a><\/span><\/p>\n<p><strong>Science et Avenir, FR (10\/10\/2025) \u00a0 <\/strong><span style=\"text-decoration: underline;\"><a href=\"https:\/\/www.sciencesetavenir.fr\/decouvrir\/expositions\/l-atelier-quantique-au-college-de-france-l-art-fait-rayonner-l-infiniment-petit_188725\">\u00ab Quantum studio: at the College of France, art makes the infinitely small shine bright \u00bb<\/a><\/span><\/p>\n<p><strong>FISHEYE IMMERSIVE, FR (09\/10\/2025)\u00a0 <\/strong><span style=\"text-decoration: underline;\"><a href=\"https:\/\/fisheyeimmersive.com\/article\/biennale-nemo-3-oeuvres-inedites-a-decouvrir\/\">\u00ab NEMO BIENNIAL : 3 unseen artworks to discover \u00bb<\/a><\/span><\/p>\n<p><strong>Madame Le Figaro, FR (19\/09\/2025)\u00a0 <a href=\"https:\/\/www.carolinedeletoille.com\/wp-content\/uploads\/2026\/03\/2509_MADAME-LE-FIGARO_Caroline-DELETOILLE.pdf\">\u00a0<\/a><\/strong><a href=\"https:\/\/www.carolinedeletoille.com\/wp-content\/uploads\/2026\/03\/2509_MADAME-LE-FIGARO_Caroline-DELETOILLE.pdf\"><span style=\"text-decoration: underline;\">\u00abFinally understanding quantum \u00bb<\/span><\/a><\/p>\n<p><strong>Les Inrocks, FR (17\/07\/2025)<\/strong>\u00a0 \u00a0<span style=\"text-decoration: underline;\"><a href=\"https:\/\/www.lesinrocks.com\/arts-et-scenes\/sensation-quantique-ou-comment-lart-peut-rendre-la-science-comprehensible-676937-17-07-2025\/\">\u00ab Quantum Sensation or how art can make science understandable? \u00bb<\/a><\/span><\/p>\n<p><strong>Les \u00e9chos, FR (17\/07\/2025) <\/strong><span style=\"text-decoration: underline;\"><a href=\"https:\/\/www.lesechos.fr\/weekend\/spectacles-musique\/nos-idees-de-sorties-culture-loisirs-et-plaisirs-pour-le-week-end-2176809\">\u00ab Our ideas for cultural, leisure and pleasures outings for the weekend \u00bb<\/a><\/span><\/p>\n<p><strong>Le Monde, FR (14\/06\/2025)\u00a0<\/strong> \u00a0<span style=\"text-decoration: underline;\"><a href=\"https:\/\/www.lemonde.fr\/sciences\/article\/2025\/06\/13\/cinq-expositions-scientifiques-a-ne-pas-manquer-les-maitres-du-feu-mediterranee-2050-chiens-et-chats_6612647_1650684.html\">\u00ab Five exhibitions not to be missed \u00bb<\/a><\/span>,<\/p>\n<p><strong>Sorbonne Universit\u00e9, Science, Culture et Soci\u00e9t\u00e9, FR (10\/06\/2025)\u00a0 \u00a0<\/strong><span style=\"text-decoration: underline;\"><a href=\"https:\/\/www.sorbonne-universite.fr\/actualites\/sensation-quantique-une-traversee-artistique-et-scientifique-de-linvisible\">\u00ab Quantum sensation: crossing with art the invisible \u00bb<\/a><\/span><\/p>\n<p><strong>Beaux-Arts Magazine, FR (09\/05\/2025)\u00a0<\/strong> \u00a0<span style=\"text-decoration: underline;\"><a href=\"https:\/\/www.beauxarts.com\/expos\/la-physique-quantique-et-lart-ont-des-atomes-crochus-a-la-maison-poincare-a-paris\/\">\u00ab La physique quantique et l\u2019art ont des atomes crochus \u00e0 la Maison Poincar\u00e9 \u00e0 Paris \u00bb<\/a><\/span><\/p>\n<p><strong>La Science au Labo, France Culture, FR (24\/04\/2025)\u00a0<\/strong> \u00a0<span style=\"text-decoration: underline;\"><a href=\"https:\/\/www.radiofrance.fr\/franceculture\/podcasts\/la-science-au-labo\/comment-l-hypothese-des-mondes-multiples-se-traduit-dans-la-realite-quantique-6291840\">\u00ab How the hypothesis of multiple worlds encounter quantum? \u00bb<\/a><\/span><\/p>\n<p><strong>Telerama, FR (18\/04\/2025)\u00a0 <\/strong><a href=\"https:\/\/www.carolinedeletoille.com\/wp-content\/uploads\/2026\/03\/2504_TELERAMA_Caroline-DELETOILLE.pdf\">\u00a0<span style=\"text-decoration: underline;\">\u00ab Exhibitions of the week \u00bb (TELERAMA SORTIR)<\/span><\/a><\/p>\n<p><strong>Science &amp; Avenir, FR (11\/04\/2025)\u00a0<\/strong> \u00a0<a href=\"https:\/\/www.sciencesetavenir.fr\/decouvrir\/expositions\/sensation-quantique-une-expo-immersive-pour-ressentir-la-mecanique-quantique-a-la-maison-poincare-musee-des-mathematiques_185219\"><span style=\"text-decoration: underline;\">\u00ab Quantum sensation, and immersive exhibition to feel quantum physics \u00bb<\/span><\/a><\/p>\n<p><strong>CBC-Radio Canada, CA (16\/10\/2024)\u00a0 \u00a0<\/strong><a href=\"https:\/\/ici.radio-canada.ca\/ohdio\/premiere\/emissions\/phare-ouest\/segments\/rattrapage\/1879182\/entrevue-avec-caroline-deletoille-discussion-a-galerie-art-morris\"><span style=\"text-decoration: underline;\">\u00ab Interview with Caroline Del\u00e9toille : exchange at the Morris art Gallery \u00bb<\/span><\/a><\/p>\n<p><strong>ENS-PSL newsletter, FR (11\/06\/2024)\u00a0 <a href=\"https:\/\/www.ens.psl.eu\/actualites\/une-residence-artistique-l-ens-psl-entre-art-et-sciences\"><span style=\"text-decoration: underline;\">\u00a0<\/span><\/a><\/strong><a href=\"https:\/\/www.ens.psl.eu\/actualites\/une-residence-artistique-l-ens-psl-entre-art-et-sciences\"><span style=\"text-decoration: underline;\">\u00ab An art-science residency at ENS-PSL \u00bb<\/span><\/a><\/p>\n<p><strong>Newsletter YourArt, FR (25\/09\/2023)\u00a0<\/strong> \u00a0\u00ab Contemporary art drawn from the 60ies \u00bb, curation of the week<\/p>\n<p><strong>Radio France Bleu Cotentin, FR (29\/06\/2023)\u00a0 \u00a0<\/strong><span style=\"text-decoration: underline;\"><a href=\"https:\/\/www.radiofrance.fr\/francebleu\/podcasts\/ca-se-passe-dans-la-manche-18h10-5269551?p=5\">\u00ab \u00e7a se passe dans la Manche : interview de Caroline Del\u00e9toille \u00bb<\/a><\/span><\/p>\n<p><strong>La Manche Libre, FR (19\/06\/2023)\u00a0 \u00a0<\/strong>\u00ab Caroline Del\u00e9toille, a painting and memory \u00bb<\/p>\n<p><strong>Podcast L\u2019Essence, FR (10\/10\/2022)\u00a0 \u00a0<\/strong><span style=\"text-decoration: underline;\"><a href=\"https:\/\/open.spotify.com\/episode\/0VZIfPRy99uDKv9pga2UVv?si=ac2d89107d57449e\">\u00ab Step into the dream through painting with Caroline Del\u00e9toille \u00bb<\/a><\/span><\/p>\n<p><strong>Presse de la Manche, FR (26\/08\/2022)\u00a0<\/strong> \u00a0\u00ab Po\u00efesis exhibition at the gallery Festina Lente \u00bb<\/p>\n<p><strong>Revista de las Artes, ES (sept. 2021)\u00a0<\/strong> \u00a0\u00ab Color y vitalidad en las pinturas de Caroline Del\u00e9toille \u00bb,<\/p>\n<p style=\"text-align: center;\">[\/et_pb_text][\/et_pb_column][\/et_pb_row][\/et_pb_section]<\/p>\n","protected":false},"excerpt":{"rendered":"<p>PRESS HYPOTHESES, CARNET DU coll\u00e8ge de france (14\/11\/2025)\u00a0 \u00ab Quantum studio : crafting of an exhibition \u00bb La Science au Labo, France Culture, FR (10\/11\/2025)\u00a0 \u00a0\u00ab How art and philosophy bring a sense of the invisible \u00bb Science et Avenir, FR (10\/10\/2025) \u00a0 \u00ab Quantum studio: at the College of France, art makes the infinitely [&hellip;]<\/p>\n","protected":false},"author":1,"featured_media":0,"parent":0,"menu_order":0,"comment_status":"closed","ping_status":"closed","template":"","meta":{"_et_pb_use_builder":"on","_et_pb_old_content":"","_et_gb_content_width":"","footnotes":""},"class_list":["post-3925","page","type-page","status-publish","hentry"],"_links":{"self":[{"href":"https:\/\/www.carolinedeletoille.com\/index.php\/wp-json\/wp\/v2\/pages\/3925","targetHints":{"allow":["GET"]}}],"collection":[{"href":"https:\/\/www.carolinedeletoille.com\/index.php\/wp-json\/wp\/v2\/pages"}],"about":[{"href":"https:\/\/www.carolinedeletoille.com\/index.php\/wp-json\/wp\/v2\/types\/page"}],"author":[{"embeddable":true,"href":"https:\/\/www.carolinedeletoille.com\/index.php\/wp-json\/wp\/v2\/users\/1"}],"replies":[{"embeddable":true,"href":"https:\/\/www.carolinedeletoille.com\/index.php\/wp-json\/wp\/v2\/comments?post=3925"}],"version-history":[{"count":4,"href":"https:\/\/www.carolinedeletoille.com\/index.php\/wp-json\/wp\/v2\/pages\/3925\/revisions"}],"predecessor-version":[{"id":3936,"href":"https:\/\/www.carolinedeletoille.com\/index.php\/wp-json\/wp\/v2\/pages\/3925\/revisions\/3936"}],"wp:attachment":[{"href":"https:\/\/www.carolinedeletoille.com\/index.php\/wp-json\/wp\/v2\/media?parent=3925"}],"curies":[{"name":"wp","href":"https:\/\/api.w.org\/{rel}","templated":true}]}}